{"id":1632,"date":"2014-03-25T16:13:25","date_gmt":"2014-03-25T14:13:25","guid":{"rendered":"http:\/\/188.40.184.219\/feier-2\/"},"modified":"2023-05-26T09:07:47","modified_gmt":"2023-05-26T07:07:47","slug":"celebracion","status":"publish","type":"page","link":"https:\/\/www.ibiza-weddings.com\/es\/celebracion\/","title":{"rendered":"CELEBRACI\u00d3N"},"content":{"rendered":"<p><div class=\"fusion-fullwidth fullwidth-box fusion-builder-row-1 nonhundred-percent-fullwidth non-hundred-percent-height-scrolling\" style=\"--awb-background-position:left top;--awb-border-sizes-top:0px;--awb-border-sizes-bottom:0px;--awb-border-sizes-left:0px;--awb-border-sizes-right:0px;--awb-border-color:#e5e4e4;--awb-border-radius-top-left:0px;--awb-border-radius-top-right:0px;--awb-border-radius-bottom-right:0px;--awb-border-radius-bottom-left:0px;--awb-padding-top:0px;--awb-padding-bottom:10px;--awb-background-color:#fff;--awb-flex-wrap:wrap;\" ><div class=\"fusion-builder-row fusion-row\"><div class=\"fusion-layout-column fusion_builder_column fusion-builder-column-0 fusion_builder_column_1_1 1_1 fusion-one-full fusion-column-first fusion-column-last fusion-column-no-min-height\" style=\"--awb-bg-size:cover;--awb-margin-bottom:0px;\"><div class=\"fusion-column-wrapper fusion-flex-column-wrapper-legacy\"><div class=\"fusion-text fusion-text-1\"><h1 style=\"text-align: center;\">Boda de ensue\u00f1o y vacaciones de ensue\u00f1o.<\/h1>\n<p style=\"text-align: center;\"><strong>\u00bfExiste algo mejor que disfrutar junto a la persona querida del mejor d\u00eda de su vida en un ambiente vacacional y con un tiempo extraordinario (350 d\u00edas de sol por a\u00f1o pr\u00e1cticamente garantizados)? Si adem\u00e1s la planificaci\u00f3n es perfecta y se cumplen sus expectativas, el recuerdo ser\u00e1 \u00fanico. Ibiza Weddings se ocupa de ello con ideas creativas y una organizaci\u00f3n fiable.<\/strong><\/p>\n<p>\u00a0<\/p>\n<\/div><div class=\"fusion-clearfix\"><\/div><\/div><\/div><div class=\"fusion-layout-column fusion_builder_column fusion-builder-column-1 fusion_builder_column_1_2 1_2 fusion-one-half fusion-column-first fusion-animated\" style=\"--awb-bg-size:cover;width:48%; margin-right: 4%;\" data-animationType=\"fadeInLeft\" data-animationDuration=\"0.6\" data-animationOffset=\"top-into-view\"><div class=\"fusion-column-wrapper fusion-flex-column-wrapper-legacy\"><div class=\"fusion-image-element in-legacy-container\" style=\"--awb-caption-title-font-family:var(--h2_typography-font-family);--awb-caption-title-font-weight:var(--h2_typography-font-weight);--awb-caption-title-font-style:var(--h2_typography-font-style);--awb-caption-title-size:var(--h2_typography-font-size);--awb-caption-title-transform:var(--h2_typography-text-transform);--awb-caption-title-line-height:var(--h2_typography-line-height);--awb-caption-title-letter-spacing:var(--h2_typography-letter-spacing);\"><span class=\" fusion-imageframe imageframe-none imageframe-1 hover-type-none fusion-animated\" style=\"border:8px solid #f6f6f6;\" data-animationType=\"fadeInLeft\" data-animationDuration=\"0.4\" data-animationOffset=\"top-into-view\"><img decoding=\"async\" width=\"600\" height=\"400\" alt=\"feier\" title=\"location\" src=\"https:\/\/www.ibiza-weddings.com\/wp-content\/uploads\/2014\/03\/location.jpg\" class=\"img-responsive wp-image-2199\" srcset=\"https:\/\/www.ibiza-weddings.com\/wp-content\/uploads\/2014\/03\/location-300x200.jpg 300w, https:\/\/www.ibiza-weddings.com\/wp-content\/uploads\/2014\/03\/location.jpg 600w\" sizes=\"(max-width: 600px) 100vw, 600px\" \/><\/span><\/div><div class=\"fusion-clearfix\"><\/div><\/div><\/div><div class=\"fusion-layout-column fusion_builder_column fusion-builder-column-2 fusion_builder_column_1_2 1_2 fusion-one-half fusion-column-last fusion-animated\" style=\"--awb-bg-size:cover;width:48%;\" data-animationType=\"fadeInRight\" data-animationDuration=\"0.6\" data-animationOffset=\"top-into-view\"><div class=\"fusion-column-wrapper fusion-flex-column-wrapper-legacy\"><i class=\"fb-icon-element-1 fb-icon-element fontawesome-icon fa fa-star circle-no fusion-text-flow\" style=\"--awb-iconcolor:#af999c;--awb-iconcolor-hover:#af999c;--awb-font-size:18px;--awb-margin-right:9px;\"><\/i><div class=\"fusion-text fusion-text-2\"><h2>El lugar<\/h2>\n<p>Pr\u00e1cticamente ninguna otra isla europea est\u00e1 a la altura de Ibiza en lo referente a riqueza de <strong>espl\u00e9ndidos lugares<\/strong>. \u00bfQu\u00e9 tal una celebraci\u00f3n de boda en una finca t\u00edpica ibicenca o en un velero rom\u00e1ntico navegando hacia la puesta del sol? Estaremos encantados de acompa\u00f1arle y visitar los lugares m\u00e1s rom\u00e1nticos de la isla.<\/p>\n<\/div><div class=\"fusion-clearfix\"><\/div><\/div><\/div><div class=\"fusion-layout-column fusion_builder_column fusion-builder-column-3 fusion_builder_column_1_1 1_1 fusion-one-full fusion-column-first fusion-column-last fusion-column-no-min-height fusion-no-small-visibility fusion-animated\" style=\"--awb-bg-size:cover;--awb-margin-bottom:0px;\" data-animationType=\"fadeInDown\" data-animationDuration=\"0.6\" data-animationOffset=\"top-into-view\"><div class=\"fusion-column-wrapper fusion-flex-column-wrapper-legacy\"><div class=\"fusion-sep-clear\"><\/div><div class=\"fusion-separator fusion-full-width-sep\" style=\"margin-left: auto;margin-right: auto;margin-top:20px;margin-bottom:80px;width:100%;\"><div class=\"fusion-separator-border sep-double sep-solid\" style=\"--awb-height:20px;--awb-amount:20px;border-color:#e0dede;border-top-width:1px;border-bottom-width:1px;\"><\/div><\/div><div class=\"fusion-sep-clear\"><\/div><div class=\"fusion-clearfix\"><\/div><\/div><\/div><div class=\"fusion-layout-column fusion_builder_column fusion-builder-column-4 fusion_builder_column_1_2 1_2 fusion-one-half fusion-column-first fusion-animated\" style=\"--awb-bg-size:cover;width:48%; margin-right: 4%;\" data-animationType=\"fadeInLeft\" data-animationDuration=\"0.6\" data-animationOffset=\"top-into-view\"><div class=\"fusion-column-wrapper fusion-flex-column-wrapper-legacy\"><i class=\"fb-icon-element-2 fb-icon-element fontawesome-icon fa fa-star circle-no fusion-text-flow\" style=\"--awb-iconcolor:#af999c;--awb-iconcolor-hover:#af999c;--awb-font-size:18px;--awb-margin-right:9px;\"><\/i><div class=\"fusion-text fusion-text-3\"><h2>El catering<\/h2>\n<p>Ibiza ofrece <strong>magn\u00edficos restaurantes<\/strong> para todos los gustos, tanto en la playa como en el interior, r\u00fasticos o lujosos, con cocina tradicional o internacional. Si no desea ir a un restaurante, le recomendaremos uno de los servicios locales de <strong>catering<\/strong> de primer\u00edsima calidad. En cualquier caso, con la <strong>degustaci\u00f3n<\/strong> de su men\u00fa de boda, as\u00ed como del bufet, nos aseguramos que todos los platos que se sirvan sean totalmente de su agrado.<\/p>\n<\/div><div class=\"fusion-clearfix\"><\/div><\/div><\/div><div class=\"fusion-layout-column fusion_builder_column fusion-builder-column-5 fusion_builder_column_1_2 1_2 fusion-one-half fusion-column-last fusion-animated\" style=\"--awb-bg-size:cover;width:48%;\" data-animationType=\"fadeInRight\" data-animationDuration=\"0.6\" data-animationOffset=\"top-into-view\"><div class=\"fusion-column-wrapper fusion-flex-column-wrapper-legacy\"><div class=\"fusion-image-element in-legacy-container\" style=\"--awb-caption-title-font-family:var(--h2_typography-font-family);--awb-caption-title-font-weight:var(--h2_typography-font-weight);--awb-caption-title-font-style:var(--h2_typography-font-style);--awb-caption-title-size:var(--h2_typography-font-size);--awb-caption-title-transform:var(--h2_typography-text-transform);--awb-caption-title-line-height:var(--h2_typography-line-height);--awb-caption-title-letter-spacing:var(--h2_typography-letter-spacing);\"><span class=\" fusion-imageframe imageframe-none imageframe-2 hover-type-none fusion-animated\" style=\"border:8px solid #f6f6f6;\" data-animationType=\"fadeInRight\" data-animationDuration=\"0.4\" data-animationOffset=\"top-into-view\"><img decoding=\"async\" width=\"600\" height=\"400\" alt=\"catering-ibiza\" title=\"catering\" src=\"https:\/\/www.ibiza-weddings.com\/wp-content\/uploads\/2014\/03\/catering.jpg\" class=\"img-responsive wp-image-2196\" srcset=\"https:\/\/www.ibiza-weddings.com\/wp-content\/uploads\/2014\/03\/catering-300x200.jpg 300w, https:\/\/www.ibiza-weddings.com\/wp-content\/uploads\/2014\/03\/catering.jpg 600w\" sizes=\"(max-width: 600px) 100vw, 600px\" \/><\/span><\/div><div class=\"fusion-clearfix\"><\/div><\/div><\/div><div class=\"fusion-layout-column fusion_builder_column fusion-builder-column-6 fusion_builder_column_1_1 1_1 fusion-one-full fusion-column-first fusion-column-last fusion-column-no-min-height fusion-no-small-visibility fusion-animated\" style=\"--awb-bg-size:cover;--awb-margin-bottom:0px;\" data-animationType=\"fadeInDown\" data-animationDuration=\"0.6\" data-animationOffset=\"top-into-view\"><div class=\"fusion-column-wrapper fusion-flex-column-wrapper-legacy\"><div class=\"fusion-sep-clear\"><\/div><div class=\"fusion-separator fusion-full-width-sep\" style=\"margin-left: auto;margin-right: auto;margin-top:20px;margin-bottom:80px;width:100%;\"><div class=\"fusion-separator-border sep-double sep-solid\" style=\"--awb-height:20px;--awb-amount:20px;border-color:#e0dede;border-top-width:1px;border-bottom-width:1px;\"><\/div><\/div><div class=\"fusion-sep-clear\"><\/div><div class=\"fusion-clearfix\"><\/div><\/div><\/div><div class=\"fusion-layout-column fusion_builder_column fusion-builder-column-7 fusion_builder_column_1_2 1_2 fusion-one-half fusion-column-first fusion-animated\" style=\"--awb-bg-size:cover;width:48%; margin-right: 4%;\" data-animationType=\"fadeInLeft\" data-animationDuration=\"0.6\" data-animationOffset=\"top-into-view\"><div class=\"fusion-column-wrapper fusion-flex-column-wrapper-legacy\"><div class=\"fusion-image-element in-legacy-container\" style=\"--awb-caption-title-font-family:var(--h2_typography-font-family);--awb-caption-title-font-weight:var(--h2_typography-font-weight);--awb-caption-title-font-style:var(--h2_typography-font-style);--awb-caption-title-size:var(--h2_typography-font-size);--awb-caption-title-transform:var(--h2_typography-text-transform);--awb-caption-title-line-height:var(--h2_typography-line-height);--awb-caption-title-letter-spacing:var(--h2_typography-letter-spacing);\"><span class=\" fusion-imageframe imageframe-none imageframe-3 hover-type-none fusion-animated\" style=\"border:8px solid #f6f6f6;\" data-animationType=\"fadeInLeft\" data-animationDuration=\"0.4\" data-animationOffset=\"top-into-view\"><img decoding=\"async\" width=\"924\" height=\"616\" title=\"feier\" src=\"https:\/\/www.ibiza-weddings.com\/wp-content\/uploads\/2014\/03\/feier.jpg\" alt class=\"img-responsive wp-image-1595\" srcset=\"https:\/\/www.ibiza-weddings.com\/wp-content\/uploads\/2014\/03\/feier-300x200.jpg 300w, https:\/\/www.ibiza-weddings.com\/wp-content\/uploads\/2014\/03\/feier.jpg 924w\" sizes=\"(max-width: 924px) 100vw, 924px\" \/><\/span><\/div><div class=\"fusion-clearfix\"><\/div><\/div><\/div><div class=\"fusion-layout-column fusion_builder_column fusion-builder-column-8 fusion_builder_column_1_2 1_2 fusion-one-half fusion-column-last fusion-animated\" style=\"--awb-bg-size:cover;width:48%;\" data-animationType=\"fadeInRight\" data-animationDuration=\"0.6\" data-animationOffset=\"top-into-view\"><div class=\"fusion-column-wrapper fusion-flex-column-wrapper-legacy\"><i class=\"fb-icon-element-3 fb-icon-element fontawesome-icon fa fa-star circle-no fusion-text-flow\" style=\"--awb-iconcolor:#af999c;--awb-iconcolor-hover:#af999c;--awb-font-size:18px;--awb-margin-right:9px;\"><\/i><div class=\"fusion-text fusion-text-4\"><h2>La animaci\u00f3n<\/h2>\n<p>La <strong>animaci\u00f3n<\/strong> en Ibiza es siempre de primer\u00edsima categor\u00eda, pudiendo enriquecer su celebraci\u00f3n de bodas con un programa de animaci\u00f3n de gran calidad. La oferta es interminable y le gustar\u00e1: en nuestra cartera disponemos de DJ\u2019s, bandas en directo, bailarines, magos y muchos otros artistas que les van a encantar a usted y a sus invitados.<\/p>\n<\/div><div class=\"fusion-clearfix\"><\/div><\/div><\/div><div class=\"fusion-layout-column fusion_builder_column fusion-builder-column-9 fusion_builder_column_1_1 1_1 fusion-one-full fusion-column-first fusion-column-last fusion-column-no-min-height fusion-no-small-visibility fusion-animated\" style=\"--awb-bg-size:cover;--awb-margin-bottom:0px;\" data-animationType=\"fadeInDown\" data-animationDuration=\"0.6\" data-animationOffset=\"top-into-view\"><div class=\"fusion-column-wrapper fusion-flex-column-wrapper-legacy\"><div class=\"fusion-sep-clear\"><\/div><div class=\"fusion-separator fusion-full-width-sep\" style=\"margin-left: auto;margin-right: auto;margin-top:20px;margin-bottom:80px;width:100%;\"><div class=\"fusion-separator-border sep-double sep-solid\" style=\"--awb-height:20px;--awb-amount:20px;border-color:#e0dede;border-top-width:1px;border-bottom-width:1px;\"><\/div><\/div><div class=\"fusion-sep-clear\"><\/div><div class=\"fusion-clearfix\"><\/div><\/div><\/div><div class=\"fusion-layout-column fusion_builder_column fusion-builder-column-10 fusion_builder_column_1_2 1_2 fusion-one-half fusion-column-first fusion-animated\" style=\"--awb-bg-size:cover;width:48%; margin-right: 4%;\" data-animationType=\"fadeInLeft\" data-animationDuration=\"0.6\" data-animationOffset=\"top-into-view\"><div class=\"fusion-column-wrapper fusion-flex-column-wrapper-legacy\"><i class=\"fb-icon-element-4 fb-icon-element fontawesome-icon fa-star fas circle-no fusion-text-flow\" style=\"--awb-iconcolor:#af999c;--awb-iconcolor-hover:#af999c;--awb-font-size:18px;--awb-margin-right:20px;\"><\/i><div class=\"fusion-text fusion-text-5\"><h2>Decoraci\u00f3n y tem\u00e1tica<\/h2>\n<p>La decoraci\u00f3n dar\u00e1 un toque individual al lugar escogido para la boda. Si lo desea, nuestro decorador crear\u00e1 para usted un <strong>proyecto individual<\/strong> que har\u00e1 que su celebraci\u00f3n sea algo exclusivo a primera vista: perfecci\u00f3n y personalidad hasta el \u00faltimo detalle. \u00bfBlanco y negro, hippy chic, rock \u2018n\u2019 roll o Piratas del Caribe? Si desea algo extravagante y sue\u00f1a con una <strong>boda tem\u00e1tica<\/strong>, Ibiza Weddings le proporciona todo lo necesario para cumplir su deseo: un dise\u00f1o especial, los vestidos apropiados y una creaci\u00f3n propia para la decoraci\u00f3n.<\/p>\n<\/div><div class=\"fusion-clearfix\"><\/div><\/div><\/div><div class=\"fusion-layout-column fusion_builder_column fusion-builder-column-11 fusion_builder_column_1_2 1_2 fusion-one-half fusion-column-last fusion-animated\" style=\"--awb-bg-size:cover;width:48%;\" data-animationType=\"fadeInRight\" data-animationDuration=\"0.6\" data-animationOffset=\"top-into-view\"><div class=\"fusion-column-wrapper fusion-flex-column-wrapper-legacy\"><div class=\"fusion-image-element in-legacy-container\" style=\"--awb-caption-title-font-family:var(--h2_typography-font-family);--awb-caption-title-font-weight:var(--h2_typography-font-weight);--awb-caption-title-font-style:var(--h2_typography-font-style);--awb-caption-title-size:var(--h2_typography-font-size);--awb-caption-title-transform:var(--h2_typography-text-transform);--awb-caption-title-line-height:var(--h2_typography-line-height);--awb-caption-title-letter-spacing:var(--h2_typography-letter-spacing);\"><span class=\" fusion-imageframe imageframe-none imageframe-4 hover-type-none fusion-animated\" style=\"border:8px solid #f6f6f6;\" data-animationType=\"fadeInRight\" data-animationDuration=\"0.4\" data-animationOffset=\"top-into-view\"><img decoding=\"async\" alt=\"Motto Wedding\" src=\"\/wp-content\/uploads\/2014\/05\/motto.jpg\" class=\"img-responsive\"\/><\/span><\/div><div class=\"fusion-clearfix\"><\/div><\/div><\/div><div class=\"fusion-layout-column fusion_builder_column fusion-builder-column-12 fusion_builder_column_1_1 1_1 fusion-one-full fusion-column-first fusion-column-last fusion-column-no-min-height fusion-no-small-visibility fusion-animated\" style=\"--awb-bg-size:cover;--awb-margin-bottom:0px;\" data-animationType=\"fadeInDown\" data-animationDuration=\"0.6\" data-animationOffset=\"top-into-view\"><div class=\"fusion-column-wrapper fusion-flex-column-wrapper-legacy\"><div class=\"fusion-sep-clear\"><\/div><div class=\"fusion-separator fusion-full-width-sep\" style=\"margin-left: auto;margin-right: auto;margin-top:20px;margin-bottom:80px;width:100%;\"><div class=\"fusion-separator-border sep-double sep-solid\" style=\"--awb-height:20px;--awb-amount:20px;border-color:#e0dede;border-top-width:1px;border-bottom-width:1px;\"><\/div><\/div><div class=\"fusion-sep-clear\"><\/div><div class=\"fusion-clearfix\"><\/div><\/div><\/div><div class=\"fusion-layout-column fusion_builder_column fusion-builder-column-13 fusion_builder_column_1_2 1_2 fusion-one-half fusion-column-first fusion-animated\" style=\"--awb-bg-size:cover;width:48%; margin-right: 4%;\" data-animationType=\"fadeInLeft\" data-animationDuration=\"0.6\" data-animationOffset=\"top-into-view\"><div class=\"fusion-column-wrapper fusion-flex-column-wrapper-legacy\"><i class=\"fb-icon-element-5 fb-icon-element fontawesome-icon fa fa-star circle-no fusion-text-flow\" style=\"--awb-iconcolor:#af999c;--awb-iconcolor-hover:#af999c;--awb-font-size:18px;--awb-margin-right:9px;\"><\/i><div class=\"fusion-text fusion-text-6\"><h2>Los recuerdos<\/h2>\n<p>Para tener <strong>recuerdos<\/strong> inolvidables, trabajamos con <strong>fot\u00f3grafos y vide\u00f3grafos profesionales<\/strong> que plasmar\u00e1n para siempre los momentos m\u00e1s bellos de su boda en im\u00e1genes.<\/p>\n<\/div><div class=\"fusion-clearfix\"><\/div><\/div><\/div><div class=\"fusion-layout-column fusion_builder_column fusion-builder-column-14 fusion_builder_column_1_2 1_2 fusion-one-half fusion-column-last fusion-animated\" style=\"--awb-bg-size:cover;width:48%;\" data-animationType=\"fadeInRight\" data-animationDuration=\"0.6\" data-animationOffset=\"top-into-view\"><div class=\"fusion-column-wrapper fusion-flex-column-wrapper-legacy\"><i class=\"fb-icon-element-6 fb-icon-element fontawesome-icon fa-star fas circle-no fusion-text-flow\" style=\"--awb-iconcolor:#af999c;--awb-iconcolor-hover:#af999c;--awb-font-size:18px;--awb-margin-right:20px;\"><\/i><div class=\"fusion-text fusion-text-7\"><h2>Y todo lo dem\u00e1s\u2026<\/h2>\n<p>Para que en el d\u00eda de su boda cada detalle sea perfecto, tambi\u00e9n nos encargamos de <strong>peluquer\u00eda y maquillaje<\/strong>, del <strong>coche de bodas<\/strong>, de la <strong>asistencia a invitados<\/strong> o <strong>del cuidado de ni\u00f1os<\/strong> y de sorpresas cuidadosamente seleccionadas como palomas blancas o mariposas.<\/p>\n<\/div><div class=\"fusion-clearfix\"><\/div><\/div><\/div><\/div><\/div><div class=\"fusion-fullwidth fullwidth-box fusion-builder-row-2 fusion-parallax-fixed nonhundred-percent-fullwidth non-hundred-percent-height-scrolling\" style=\"--awb-background-position:left top;--awb-background-repeat:repeat;--awb-border-sizes-top:0px;--awb-border-sizes-bottom:0px;--awb-border-sizes-left:0px;--awb-border-sizes-right:0px;--awb-border-radius-top-left:0px;--awb-border-radius-top-right:0px;--awb-border-radius-bottom-right:0px;--awb-border-radius-bottom-left:0px;--awb-padding-top:40px;--awb-padding-bottom:20px;--awb-background-image:url(&quot;\/wp-content\/uploads\/2014\/04\/Pattren.png&quot;);--awb-flex-wrap:wrap;background-attachment:fixed;\" ><div class=\"fusion-builder-row fusion-row\"><div class=\"fusion-layout-column fusion_builder_column fusion-builder-column-15 fusion_builder_column_1_1 1_1 fusion-one-full fusion-column-first fusion-column-last fusion-column-no-min-height\" style=\"--awb-bg-size:cover;--awb-margin-bottom:0px;\"><div class=\"fusion-column-wrapper fusion-flex-column-wrapper-legacy\"><div class=\"fusion-sep-clear\"><\/div><div class=\"fusion-separator fusion-full-width-sep\" style=\"margin-left: auto;margin-right: auto;margin-top:15px;margin-bottom:15px;width:100%;\"><div class=\"fusion-separator-border sep-double sep-solid\" style=\"--awb-height:20px;--awb-amount:20px;border-color:#e0dede;border-top-width:1px;border-bottom-width:1px;\"><\/div><\/div><div class=\"fusion-sep-clear\"><\/div><div class=\"fusion-text fusion-text-8\"><p class=\"wedding-sub\" style=\"text-align: center;\">Felizmente casados con Ibiza Weddings.<\/p>\n<\/div><div class=\"fusion-sep-clear\"><\/div><div class=\"fusion-separator fusion-full-width-sep\" style=\"margin-left: auto;margin-right: auto;margin-top:-10px;margin-bottom:40px;width:100%;\"><div class=\"fusion-separator-border sep-double sep-solid\" style=\"--awb-height:20px;--awb-amount:20px;border-color:#e0dede;border-top-width:1px;border-bottom-width:1px;\"><\/div><\/div><div class=\"fusion-sep-clear\"><\/div><div class=\"fusion-clearfix\"><\/div><\/div><\/div><div class=\"fusion-layout-column fusion_builder_column fusion-builder-column-16 fusion_builder_column_1_1 1_1 fusion-one-full fusion-column-first fusion-column-last fusion-column-no-min-height\" style=\"--awb-bg-size:cover;--awb-margin-bottom:0px;\"><div class=\"fusion-column-wrapper fusion-flex-column-wrapper-legacy\"><div class=\"fusion-text fusion-text-9\"><div class=\"fusion-recent-works fusion-portfolio-element fusion-portfolio fusion-portfolio-1 fusion-portfolio-carousel fusion-portfolio-paging-none recent-works-carousel portfolio-carousel picture-size-auto fusion-portfolio-rollover\" data-id=\"-rw-1\"><div class=\"awb-carousel awb-swiper awb-swiper-carousel\" style=\"--awb-columns:5;\" data-autoplay=\"no\" data-columns=\"5\" data-itemmargin=\"12\" data-itemwidth=\"180\" data-touchscroll=\"no\" data-imagesize=\"auto\"><div class=\"swiper-wrapper\"><div class=\"swiper-slide\"><div class=\"fusion-carousel-item-wrapper\"><span class=\"entry-title rich-snippet-hidden\">Giulia &#038; Patrick<\/span><span class=\"vcard rich-snippet-hidden\"><span class=\"fn\"><a href=\"\" title=\"Entradas de Mart\" rel=\"author\">Mart<\/a><\/span><\/span><span class=\"updated rich-snippet-hidden\">2019-03-25T17:32:15+02:00<\/span><div  class=\"fusion-image-wrapper\" aria-haspopup=\"true\">\n\t\t\t\t<img decoding=\"async\" width=\"300\" height=\"200\" src=\"https:\/\/www.ibiza-weddings.com\/wp-content\/uploads\/2019\/02\/GIULIA-PATRICK-uebersicht.jpg\" class=\"attachment-full size-full wp-post-image\" alt=\"\" srcset=\"https:\/\/www.ibiza-weddings.com\/wp-content\/uploads\/2019\/02\/GIULIA-PATRICK-uebersicht-200x133.jpg 200w, https:\/\/www.ibiza-weddings.com\/wp-content\/uploads\/2019\/02\/GIULIA-PATRICK-uebersicht.jpg 300w\" sizes=\"(min-width: 2200px) 100vw, (min-width: 928px) 210px, (min-width: 856px) 263px, (min-width: 784px) 351px, (min-width: 712px) 526px, (min-width: 640px) 712px, \" \/><div class=\"fusion-rollover\">\n\t<div class=\"fusion-rollover-content\">\n\n\t\t\t\t\t\t\t\t\t\t\t\t\t\t<a class=\"fusion-rollover-link\" href=\"https:\/\/www.ibiza-weddings.com\/es\/weddings\/juntos-por-la-boda-de-ensueno-en-ibiza\/\">Giulia &#038; Patrick<\/a>\n\t\t\t\n\t\t\t\t\t\t\t\t\n\t\t\n\t\t\t\t\t\t\t\t\t\t\t\t<h4 class=\"fusion-rollover-title\">\n\t\t\t\t\t<a class=\"fusion-rollover-title-link\" href=\"https:\/\/www.ibiza-weddings.com\/es\/weddings\/juntos-por-la-boda-de-ensueno-en-ibiza\/\">\n\t\t\t\t\t\tGiulia &#038; Patrick\t\t\t\t\t<\/a>\n\t\t\t\t<\/h4>\n\t\t\t\n\t\t\t\t\t\t\t\t\n\t\t\n\t\t\t\t\t\t<a class=\"fusion-link-wrapper\" href=\"https:\/\/www.ibiza-weddings.com\/es\/weddings\/juntos-por-la-boda-de-ensueno-en-ibiza\/\" aria-label=\"Giulia &#038; Patrick\"><\/a>\n\t<\/div>\n<\/div>\n<\/div>\n<\/div><\/div><div class=\"swiper-slide\"><div class=\"fusion-carousel-item-wrapper\"><span class=\"entry-title rich-snippet-hidden\">Deborah &#038; Pablo<\/span><span class=\"vcard rich-snippet-hidden\"><span class=\"fn\"><a href=\"\" title=\"Entradas de Mart\" rel=\"author\">Mart<\/a><\/span><\/span><span class=\"updated rich-snippet-hidden\">2019-03-25T18:21:54+02:00<\/span><div  class=\"fusion-image-wrapper\" aria-haspopup=\"true\">\n\t\t\t\t<img decoding=\"async\" width=\"300\" height=\"200\" src=\"https:\/\/www.ibiza-weddings.com\/wp-content\/uploads\/2019\/02\/Deborah-Pablo-Uebersicht.jpg\" class=\"attachment-full size-full wp-post-image\" alt=\"\" srcset=\"https:\/\/www.ibiza-weddings.com\/wp-content\/uploads\/2019\/02\/Deborah-Pablo-Uebersicht-200x133.jpg 200w, https:\/\/www.ibiza-weddings.com\/wp-content\/uploads\/2019\/02\/Deborah-Pablo-Uebersicht.jpg 300w\" sizes=\"(min-width: 2200px) 100vw, (min-width: 928px) 210px, (min-width: 856px) 263px, (min-width: 784px) 351px, (min-width: 712px) 526px, (min-width: 640px) 712px, \" \/><div class=\"fusion-rollover\">\n\t<div class=\"fusion-rollover-content\">\n\n\t\t\t\t\t\t\t\t\t\t\t\t\t\t<a class=\"fusion-rollover-link\" href=\"https:\/\/www.ibiza-weddings.com\/es\/weddings\/boda-en-ibiza-de-la-boda-de-ensueno-a-sueno\/\">Deborah &#038; Pablo<\/a>\n\t\t\t\n\t\t\t\t\t\t\t\t\n\t\t\n\t\t\t\t\t\t\t\t\t\t\t\t<h4 class=\"fusion-rollover-title\">\n\t\t\t\t\t<a class=\"fusion-rollover-title-link\" href=\"https:\/\/www.ibiza-weddings.com\/es\/weddings\/boda-en-ibiza-de-la-boda-de-ensueno-a-sueno\/\">\n\t\t\t\t\t\tDeborah &#038; Pablo\t\t\t\t\t<\/a>\n\t\t\t\t<\/h4>\n\t\t\t\n\t\t\t\t\t\t\t\t\n\t\t\n\t\t\t\t\t\t<a class=\"fusion-link-wrapper\" href=\"https:\/\/www.ibiza-weddings.com\/es\/weddings\/boda-en-ibiza-de-la-boda-de-ensueno-a-sueno\/\" aria-label=\"Deborah &#038; Pablo\"><\/a>\n\t<\/div>\n<\/div>\n<\/div>\n<\/div><\/div><div class=\"swiper-slide\"><div class=\"fusion-carousel-item-wrapper\"><span class=\"entry-title rich-snippet-hidden\">Martina &#038; Kilian<\/span><span class=\"vcard rich-snippet-hidden\"><span class=\"fn\"><a href=\"\" title=\"Entradas de Mart\" rel=\"author\">Mart<\/a><\/span><\/span><span class=\"updated rich-snippet-hidden\">2019-03-21T16:38:01+02:00<\/span><div  class=\"fusion-image-wrapper\" aria-haspopup=\"true\">\n\t\t\t\t<img decoding=\"async\" width=\"347\" height=\"231\" src=\"https:\/\/www.ibiza-weddings.com\/wp-content\/uploads\/2019\/03\/Martina-und-Kilian-Cover.jpg\" class=\"attachment-full size-full wp-post-image\" alt=\"\" srcset=\"https:\/\/www.ibiza-weddings.com\/wp-content\/uploads\/2019\/03\/Martina-und-Kilian-Cover-200x133.jpg 200w, https:\/\/www.ibiza-weddings.com\/wp-content\/uploads\/2019\/03\/Martina-und-Kilian-Cover.jpg 347w\" sizes=\"(min-width: 2200px) 100vw, (min-width: 928px) 210px, (min-width: 856px) 263px, (min-width: 784px) 351px, (min-width: 712px) 526px, (min-width: 640px) 712px, \" \/><div class=\"fusion-rollover\">\n\t<div class=\"fusion-rollover-content\">\n\n\t\t\t\t\t\t\t\t\t\t\t\t\t\t<a class=\"fusion-rollover-link\" href=\"https:\/\/www.ibiza-weddings.com\/es\/weddings\/hippy-chic-boho-wedding-ibiza\/\">Martina &#038; Kilian<\/a>\n\t\t\t\n\t\t\t\t\t\t\t\t\n\t\t\n\t\t\t\t\t\t\t\t\t\t\t\t<h4 class=\"fusion-rollover-title\">\n\t\t\t\t\t<a class=\"fusion-rollover-title-link\" href=\"https:\/\/www.ibiza-weddings.com\/es\/weddings\/hippy-chic-boho-wedding-ibiza\/\">\n\t\t\t\t\t\tMartina &#038; Kilian\t\t\t\t\t<\/a>\n\t\t\t\t<\/h4>\n\t\t\t\n\t\t\t\t\t\t\t\t\n\t\t\n\t\t\t\t\t\t<a class=\"fusion-link-wrapper\" href=\"https:\/\/www.ibiza-weddings.com\/es\/weddings\/hippy-chic-boho-wedding-ibiza\/\" aria-label=\"Martina &#038; Kilian\"><\/a>\n\t<\/div>\n<\/div>\n<\/div>\n<\/div><\/div><div class=\"swiper-slide\"><div class=\"fusion-carousel-item-wrapper\"><span class=\"entry-title rich-snippet-hidden\">Severine &#038; Marco<\/span><span class=\"vcard rich-snippet-hidden\"><span class=\"fn\"><a href=\"\" title=\"Entradas de Mart\" rel=\"author\">Mart<\/a><\/span><\/span><span class=\"updated rich-snippet-hidden\">2019-03-21T16:45:52+02:00<\/span><div  class=\"fusion-image-wrapper\" aria-haspopup=\"true\">\n\t\t\t\t<img decoding=\"async\" width=\"300\" height=\"200\" src=\"https:\/\/www.ibiza-weddings.com\/wp-content\/uploads\/2019\/03\/Cover.jpg\" class=\"attachment-full size-full wp-post-image\" alt=\"\" srcset=\"https:\/\/www.ibiza-weddings.com\/wp-content\/uploads\/2019\/03\/Cover-200x133.jpg 200w, https:\/\/www.ibiza-weddings.com\/wp-content\/uploads\/2019\/03\/Cover.jpg 300w\" sizes=\"(min-width: 2200px) 100vw, (min-width: 928px) 210px, (min-width: 856px) 263px, (min-width: 784px) 351px, (min-width: 712px) 526px, (min-width: 640px) 712px, \" \/><div class=\"fusion-rollover\">\n\t<div class=\"fusion-rollover-content\">\n\n\t\t\t\t\t\t\t\t\t\t\t\t\t\t<a class=\"fusion-rollover-link\" href=\"https:\/\/www.ibiza-weddings.com\/es\/weddings\/boda-de-ensueno-boho-ibiza\/\">Severine &#038; Marco<\/a>\n\t\t\t\n\t\t\t\t\t\t\t\t\n\t\t\n\t\t\t\t\t\t\t\t\t\t\t\t<h4 class=\"fusion-rollover-title\">\n\t\t\t\t\t<a class=\"fusion-rollover-title-link\" href=\"https:\/\/www.ibiza-weddings.com\/es\/weddings\/boda-de-ensueno-boho-ibiza\/\">\n\t\t\t\t\t\tSeverine &#038; Marco\t\t\t\t\t<\/a>\n\t\t\t\t<\/h4>\n\t\t\t\n\t\t\t\t\t\t\t\t\n\t\t\n\t\t\t\t\t\t<a class=\"fusion-link-wrapper\" href=\"https:\/\/www.ibiza-weddings.com\/es\/weddings\/boda-de-ensueno-boho-ibiza\/\" aria-label=\"Severine &#038; Marco\"><\/a>\n\t<\/div>\n<\/div>\n<\/div>\n<\/div><\/div><div class=\"swiper-slide\"><div class=\"fusion-carousel-item-wrapper\"><span class=\"entry-title rich-snippet-hidden\">Adem &#038; Salvo<\/span><span class=\"vcard rich-snippet-hidden\"><span class=\"fn\"><a href=\"\" title=\"Entradas de Mart\" rel=\"author\">Mart<\/a><\/span><\/span><span class=\"updated rich-snippet-hidden\">2019-03-21T17:10:00+02:00<\/span><div  class=\"fusion-image-wrapper\" aria-haspopup=\"true\">\n\t\t\t\t<img decoding=\"async\" width=\"300\" height=\"200\" src=\"https:\/\/www.ibiza-weddings.com\/wp-content\/uploads\/2019\/03\/Adem-Salvo-cover.jpg\" class=\"attachment-full size-full wp-post-image\" alt=\"\" srcset=\"https:\/\/www.ibiza-weddings.com\/wp-content\/uploads\/2019\/03\/Adem-Salvo-cover-200x133.jpg 200w, https:\/\/www.ibiza-weddings.com\/wp-content\/uploads\/2019\/03\/Adem-Salvo-cover.jpg 300w\" sizes=\"(min-width: 2200px) 100vw, (min-width: 928px) 210px, (min-width: 856px) 263px, (min-width: 784px) 351px, (min-width: 712px) 526px, (min-width: 640px) 712px, \" \/><div class=\"fusion-rollover\">\n\t<div class=\"fusion-rollover-content\">\n\n\t\t\t\t\t\t\t\t\t\t\t\t\t\t<a class=\"fusion-rollover-link\" href=\"https:\/\/www.ibiza-weddings.com\/es\/weddings\/iibiza-boda-de-suenos-en-villa-de-sunos\/\">Adem &#038; Salvo<\/a>\n\t\t\t\n\t\t\t\t\t\t\t\t\n\t\t\n\t\t\t\t\t\t\t\t\t\t\t\t<h4 class=\"fusion-rollover-title\">\n\t\t\t\t\t<a class=\"fusion-rollover-title-link\" href=\"https:\/\/www.ibiza-weddings.com\/es\/weddings\/iibiza-boda-de-suenos-en-villa-de-sunos\/\">\n\t\t\t\t\t\tAdem &#038; Salvo\t\t\t\t\t<\/a>\n\t\t\t\t<\/h4>\n\t\t\t\n\t\t\t\t\t\t\t\t\n\t\t\n\t\t\t\t\t\t<a class=\"fusion-link-wrapper\" href=\"https:\/\/www.ibiza-weddings.com\/es\/weddings\/iibiza-boda-de-suenos-en-villa-de-sunos\/\" aria-label=\"Adem &#038; Salvo\"><\/a>\n\t<\/div>\n<\/div>\n<\/div>\n<\/div><\/div><div class=\"swiper-slide\"><div class=\"fusion-carousel-item-wrapper\"><span class=\"entry-title rich-snippet-hidden\">Kristin &#038; Rocco<\/span><span class=\"vcard rich-snippet-hidden\"><span class=\"fn\"><a href=\"\" title=\"Entradas de Mart\" rel=\"author\">Mart<\/a><\/span><\/span><span class=\"updated rich-snippet-hidden\">2019-03-21T17:13:35+02:00<\/span><div  class=\"fusion-image-wrapper\" aria-haspopup=\"true\">\n\t\t\t\t<img decoding=\"async\" width=\"300\" height=\"200\" src=\"https:\/\/www.ibiza-weddings.com\/wp-content\/uploads\/2019\/02\/uebersicht.jpg\" class=\"attachment-full size-full wp-post-image\" alt=\"\" srcset=\"https:\/\/www.ibiza-weddings.com\/wp-content\/uploads\/2019\/02\/uebersicht-200x133.jpg 200w, https:\/\/www.ibiza-weddings.com\/wp-content\/uploads\/2019\/02\/uebersicht.jpg 300w\" sizes=\"(min-width: 2200px) 100vw, (min-width: 928px) 210px, (min-width: 856px) 263px, (min-width: 784px) 351px, (min-width: 712px) 526px, (min-width: 640px) 712px, \" \/><div class=\"fusion-rollover\">\n\t<div class=\"fusion-rollover-content\">\n\n\t\t\t\t\t\t\t\t\t\t\t\t\t\t<a class=\"fusion-rollover-link\" href=\"https:\/\/www.ibiza-weddings.com\/es\/weddings\/ibiza-vintage-villa-boda\/\">Kristin &#038; Rocco<\/a>\n\t\t\t\n\t\t\t\t\t\t\t\t\n\t\t\n\t\t\t\t\t\t\t\t\t\t\t\t<h4 class=\"fusion-rollover-title\">\n\t\t\t\t\t<a class=\"fusion-rollover-title-link\" href=\"https:\/\/www.ibiza-weddings.com\/es\/weddings\/ibiza-vintage-villa-boda\/\">\n\t\t\t\t\t\tKristin &#038; Rocco\t\t\t\t\t<\/a>\n\t\t\t\t<\/h4>\n\t\t\t\n\t\t\t\t\t\t\t\t\n\t\t\n\t\t\t\t\t\t<a class=\"fusion-link-wrapper\" href=\"https:\/\/www.ibiza-weddings.com\/es\/weddings\/ibiza-vintage-villa-boda\/\" aria-label=\"Kristin &#038; Rocco\"><\/a>\n\t<\/div>\n<\/div>\n<\/div>\n<\/div><\/div><div class=\"swiper-slide\"><div class=\"fusion-carousel-item-wrapper\"><span class=\"entry-title rich-snippet-hidden\">Melanie &#038; Andreas<\/span><span class=\"vcard rich-snippet-hidden\"><span class=\"fn\"><a href=\"\" title=\"Entradas de Mart\" rel=\"author\">Mart<\/a><\/span><\/span><span class=\"updated rich-snippet-hidden\">2019-03-21T17:19:37+02:00<\/span><div  class=\"fusion-image-wrapper\" aria-haspopup=\"true\">\n\t\t\t\t<img decoding=\"async\" width=\"300\" height=\"200\" src=\"https:\/\/www.ibiza-weddings.com\/wp-content\/uploads\/2019\/02\/melanie-andreas-uebersicht.jpg\" class=\"attachment-full size-full wp-post-image\" alt=\"\" srcset=\"https:\/\/www.ibiza-weddings.com\/wp-content\/uploads\/2019\/02\/melanie-andreas-uebersicht-200x133.jpg 200w, https:\/\/www.ibiza-weddings.com\/wp-content\/uploads\/2019\/02\/melanie-andreas-uebersicht.jpg 300w\" sizes=\"(min-width: 2200px) 100vw, (min-width: 928px) 210px, (min-width: 856px) 263px, (min-width: 784px) 351px, (min-width: 712px) 526px, (min-width: 640px) 712px, \" \/><div class=\"fusion-rollover\">\n\t<div class=\"fusion-rollover-content\">\n\n\t\t\t\t\t\t\t\t\t\t\t\t\t\t<a class=\"fusion-rollover-link\" href=\"https:\/\/www.ibiza-weddings.com\/es\/weddings\/ibiza-vintage-boda-clifftop\/\">Melanie &#038; Andreas<\/a>\n\t\t\t\n\t\t\t\t\t\t\t\t\n\t\t\n\t\t\t\t\t\t\t\t\t\t\t\t<h4 class=\"fusion-rollover-title\">\n\t\t\t\t\t<a class=\"fusion-rollover-title-link\" href=\"https:\/\/www.ibiza-weddings.com\/es\/weddings\/ibiza-vintage-boda-clifftop\/\">\n\t\t\t\t\t\tMelanie &#038; Andreas\t\t\t\t\t<\/a>\n\t\t\t\t<\/h4>\n\t\t\t\n\t\t\t\t\t\t\t\t\n\t\t\n\t\t\t\t\t\t<a class=\"fusion-link-wrapper\" href=\"https:\/\/www.ibiza-weddings.com\/es\/weddings\/ibiza-vintage-boda-clifftop\/\" aria-label=\"Melanie &#038; Andreas\"><\/a>\n\t<\/div>\n<\/div>\n<\/div>\n<\/div><\/div><div class=\"swiper-slide\"><div class=\"fusion-carousel-item-wrapper\"><span class=\"entry-title rich-snippet-hidden\">Ulli &#038; John<\/span><span class=\"vcard rich-snippet-hidden\"><span class=\"fn\"><a href=\"\" title=\"Entradas de Mart\" rel=\"author\">Mart<\/a><\/span><\/span><span class=\"updated rich-snippet-hidden\">2019-03-27T14:43:30+02:00<\/span><div  class=\"fusion-image-wrapper\" aria-haspopup=\"true\">\n\t\t\t\t<img decoding=\"async\" width=\"480\" height=\"320\" src=\"https:\/\/www.ibiza-weddings.com\/wp-content\/uploads\/2015\/04\/Ulli-John_uebersicht.jpg\" class=\"attachment-full size-full wp-post-image\" alt=\"\" srcset=\"https:\/\/www.ibiza-weddings.com\/wp-content\/uploads\/2015\/04\/Ulli-John_uebersicht-200x133.jpg 200w, https:\/\/www.ibiza-weddings.com\/wp-content\/uploads\/2015\/04\/Ulli-John_uebersicht-400x267.jpg 400w, https:\/\/www.ibiza-weddings.com\/wp-content\/uploads\/2015\/04\/Ulli-John_uebersicht.jpg 480w\" sizes=\"(min-width: 2200px) 100vw, (min-width: 928px) 210px, (min-width: 856px) 263px, (min-width: 784px) 351px, (min-width: 712px) 526px, (min-width: 640px) 712px, \" \/><div class=\"fusion-rollover\">\n\t<div class=\"fusion-rollover-content\">\n\n\t\t\t\t\t\t\t\t\t\t\t\t\t\t<a class=\"fusion-rollover-link\" href=\"https:\/\/www.ibiza-weddings.com\/es\/weddings\/boda-en-ibiza-planeada-individualmente\/\">Ulli &#038; John<\/a>\n\t\t\t\n\t\t\t\t\t\t\t\t\n\t\t\n\t\t\t\t\t\t\t\t\t\t\t\t<h4 class=\"fusion-rollover-title\">\n\t\t\t\t\t<a class=\"fusion-rollover-title-link\" href=\"https:\/\/www.ibiza-weddings.com\/es\/weddings\/boda-en-ibiza-planeada-individualmente\/\">\n\t\t\t\t\t\tUlli &#038; John\t\t\t\t\t<\/a>\n\t\t\t\t<\/h4>\n\t\t\t\n\t\t\t\t\t\t\t\t\n\t\t\n\t\t\t\t\t\t<a class=\"fusion-link-wrapper\" href=\"https:\/\/www.ibiza-weddings.com\/es\/weddings\/boda-en-ibiza-planeada-individualmente\/\" aria-label=\"Ulli &#038; John\"><\/a>\n\t<\/div>\n<\/div>\n<\/div>\n<\/div><\/div><\/div><div class=\"awb-swiper-button awb-swiper-button-prev\"><i class=\"awb-icon-angle-left\" aria-hidden=\"true\"><\/i><\/div><div class=\"awb-swiper-button awb-swiper-button-next\"><i class=\"awb-icon-angle-right\" aria-hidden=\"true\"><\/i><\/div><\/div><\/div>\n<\/div><div class=\"fusion-clearfix\"><\/div><\/div><\/div><\/div><\/div><\/p>\n","protected":false},"excerpt":{"rendered":"","protected":false},"author":4,"featured_media":0,"parent":0,"menu_order":0,"comment_status":"open","ping_status":"closed","template":"100-width.php","meta":{"footnotes":""},"class_list":["post-1632","page","type-page","status-publish","hentry"],"yoast_head":"<!-- This site is optimized with the Yoast SEO plugin v26.8 - https:\/\/yoast.com\/product\/yoast-seo-wordpress\/ -->\n<title>Ibiza planificador de la boda - ibiza-weddings.com<\/title>\n<meta name=\"description\" content=\"Boda de ensue\u00f1o y vacaciones de ensue\u00f1o. \u00bfExiste algo mejor que disfrutar junto a la persona querida del mejor d\u00eda de su vida en un ambiente vacacional y con un tiempo extraordinario (350 d\u00edas de sol por a\u00f1o pr\u00e1cticamente garantizados)? Si adem\u00e1s la planificaci\u00f3n es perfecta y se cumplen sus expectativas, el recuerdo ser\u00e1 \u00fanico. Ibiza Weddings se ocupa de ello con ideas creativas y una organizaci\u00f3n fiable.\" \/>\n<meta name=\"robots\" content=\"index, follow, max-snippet:-1, max-image-preview:large, max-video-preview:-1\" \/>\n<link rel=\"canonical\" href=\"https:\/\/www.ibiza-weddings.com\/es\/celebracion\/\" \/>\n<meta name=\"twitter:label1\" content=\"Tiempo de lectura\" \/>\n\t<meta name=\"twitter:data1\" content=\"9 minutos\" \/>\n<script type=\"application\/ld+json\" class=\"yoast-schema-graph\">{\"@context\":\"https:\/\/schema.org\",\"@graph\":[{\"@type\":\"WebPage\",\"@id\":\"https:\/\/www.ibiza-weddings.com\/es\/celebracion\/\",\"url\":\"https:\/\/www.ibiza-weddings.com\/es\/celebracion\/\",\"name\":\"Ibiza planificador de la boda - ibiza-weddings.com\",\"isPartOf\":{\"@id\":\"https:\/\/www.ibiza-weddings.com\/#website\"},\"primaryImageOfPage\":{\"@id\":\"https:\/\/www.ibiza-weddings.com\/es\/celebracion\/#primaryimage\"},\"image\":{\"@id\":\"https:\/\/www.ibiza-weddings.com\/es\/celebracion\/#primaryimage\"},\"thumbnailUrl\":\"https:\/\/www.ibiza-weddings.com\/wp-content\/uploads\/2014\/03\/location.jpg\",\"datePublished\":\"2014-03-25T14:13:25+00:00\",\"dateModified\":\"2023-05-26T07:07:47+00:00\",\"description\":\"Boda de ensue\u00f1o y vacaciones de ensue\u00f1o. \u00bfExiste algo mejor que disfrutar junto a la persona querida del mejor d\u00eda de su vida en un ambiente vacacional y con un tiempo extraordinario (350 d\u00edas de sol por a\u00f1o pr\u00e1cticamente garantizados)? Si adem\u00e1s la planificaci\u00f3n es perfecta y se cumplen sus expectativas, el recuerdo ser\u00e1 \u00fanico. Ibiza Weddings se ocupa de ello con ideas creativas y una organizaci\u00f3n fiable.\",\"breadcrumb\":{\"@id\":\"https:\/\/www.ibiza-weddings.com\/es\/celebracion\/#breadcrumb\"},\"inLanguage\":\"es\",\"potentialAction\":[{\"@type\":\"ReadAction\",\"target\":[\"https:\/\/www.ibiza-weddings.com\/es\/celebracion\/\"]}]},{\"@type\":\"ImageObject\",\"inLanguage\":\"es\",\"@id\":\"https:\/\/www.ibiza-weddings.com\/es\/celebracion\/#primaryimage\",\"url\":\"https:\/\/www.ibiza-weddings.com\/wp-content\/uploads\/2014\/03\/location.jpg\",\"contentUrl\":\"https:\/\/www.ibiza-weddings.com\/wp-content\/uploads\/2014\/03\/location.jpg\"},{\"@type\":\"BreadcrumbList\",\"@id\":\"https:\/\/www.ibiza-weddings.com\/es\/celebracion\/#breadcrumb\",\"itemListElement\":[{\"@type\":\"ListItem\",\"position\":1,\"name\":\"Home\",\"item\":\"https:\/\/www.ibiza-weddings.com\/es\/\"},{\"@type\":\"ListItem\",\"position\":2,\"name\":\"CELEBRACI\u00d3N\"}]},{\"@type\":\"WebSite\",\"@id\":\"https:\/\/www.ibiza-weddings.com\/#website\",\"url\":\"https:\/\/www.ibiza-weddings.com\/\",\"name\":\"Ibiza Weddings\",\"description\":\"Ibiza Weddings\",\"potentialAction\":[{\"@type\":\"SearchAction\",\"target\":{\"@type\":\"EntryPoint\",\"urlTemplate\":\"https:\/\/www.ibiza-weddings.com\/?s={search_term_string}\"},\"query-input\":{\"@type\":\"PropertyValueSpecification\",\"valueRequired\":true,\"valueName\":\"search_term_string\"}}],\"inLanguage\":\"es\"}]}<\/script>\n<!-- \/ Yoast SEO plugin. -->","yoast_head_json":{"title":"Ibiza planificador de la boda - ibiza-weddings.com","description":"Boda de ensue\u00f1o y vacaciones de ensue\u00f1o. \u00bfExiste algo mejor que disfrutar junto a la persona querida del mejor d\u00eda de su vida en un ambiente vacacional y con un tiempo extraordinario (350 d\u00edas de sol por a\u00f1o pr\u00e1cticamente garantizados)? Si adem\u00e1s la planificaci\u00f3n es perfecta y se cumplen sus expectativas, el recuerdo ser\u00e1 \u00fanico. Ibiza Weddings se ocupa de ello con ideas creativas y una organizaci\u00f3n fiable.","robots":{"index":"index","follow":"follow","max-snippet":"max-snippet:-1","max-image-preview":"max-image-preview:large","max-video-preview":"max-video-preview:-1"},"canonical":"https:\/\/www.ibiza-weddings.com\/es\/celebracion\/","twitter_misc":{"Tiempo de lectura":"9 minutos"},"schema":{"@context":"https:\/\/schema.org","@graph":[{"@type":"WebPage","@id":"https:\/\/www.ibiza-weddings.com\/es\/celebracion\/","url":"https:\/\/www.ibiza-weddings.com\/es\/celebracion\/","name":"Ibiza planificador de la boda - ibiza-weddings.com","isPartOf":{"@id":"https:\/\/www.ibiza-weddings.com\/#website"},"primaryImageOfPage":{"@id":"https:\/\/www.ibiza-weddings.com\/es\/celebracion\/#primaryimage"},"image":{"@id":"https:\/\/www.ibiza-weddings.com\/es\/celebracion\/#primaryimage"},"thumbnailUrl":"https:\/\/www.ibiza-weddings.com\/wp-content\/uploads\/2014\/03\/location.jpg","datePublished":"2014-03-25T14:13:25+00:00","dateModified":"2023-05-26T07:07:47+00:00","description":"Boda de ensue\u00f1o y vacaciones de ensue\u00f1o. \u00bfExiste algo mejor que disfrutar junto a la persona querida del mejor d\u00eda de su vida en un ambiente vacacional y con un tiempo extraordinario (350 d\u00edas de sol por a\u00f1o pr\u00e1cticamente garantizados)? Si adem\u00e1s la planificaci\u00f3n es perfecta y se cumplen sus expectativas, el recuerdo ser\u00e1 \u00fanico. Ibiza Weddings se ocupa de ello con ideas creativas y una organizaci\u00f3n fiable.","breadcrumb":{"@id":"https:\/\/www.ibiza-weddings.com\/es\/celebracion\/#breadcrumb"},"inLanguage":"es","potentialAction":[{"@type":"ReadAction","target":["https:\/\/www.ibiza-weddings.com\/es\/celebracion\/"]}]},{"@type":"ImageObject","inLanguage":"es","@id":"https:\/\/www.ibiza-weddings.com\/es\/celebracion\/#primaryimage","url":"https:\/\/www.ibiza-weddings.com\/wp-content\/uploads\/2014\/03\/location.jpg","contentUrl":"https:\/\/www.ibiza-weddings.com\/wp-content\/uploads\/2014\/03\/location.jpg"},{"@type":"BreadcrumbList","@id":"https:\/\/www.ibiza-weddings.com\/es\/celebracion\/#breadcrumb","itemListElement":[{"@type":"ListItem","position":1,"name":"Home","item":"https:\/\/www.ibiza-weddings.com\/es\/"},{"@type":"ListItem","position":2,"name":"CELEBRACI\u00d3N"}]},{"@type":"WebSite","@id":"https:\/\/www.ibiza-weddings.com\/#website","url":"https:\/\/www.ibiza-weddings.com\/","name":"Ibiza Weddings","description":"Ibiza Weddings","potentialAction":[{"@type":"SearchAction","target":{"@type":"EntryPoint","urlTemplate":"https:\/\/www.ibiza-weddings.com\/?s={search_term_string}"},"query-input":{"@type":"PropertyValueSpecification","valueRequired":true,"valueName":"search_term_string"}}],"inLanguage":"es"}]}},"_links":{"self":[{"href":"https:\/\/www.ibiza-weddings.com\/es\/wp-json\/wp\/v2\/pages\/1632","targetHints":{"allow":["GET"]}}],"collection":[{"href":"https:\/\/www.ibiza-weddings.com\/es\/wp-json\/wp\/v2\/pages"}],"about":[{"href":"https:\/\/www.ibiza-weddings.com\/es\/wp-json\/wp\/v2\/types\/page"}],"author":[{"embeddable":true,"href":"https:\/\/www.ibiza-weddings.com\/es\/wp-json\/wp\/v2\/users\/4"}],"replies":[{"embeddable":true,"href":"https:\/\/www.ibiza-weddings.com\/es\/wp-json\/wp\/v2\/comments?post=1632"}],"version-history":[{"count":15,"href":"https:\/\/www.ibiza-weddings.com\/es\/wp-json\/wp\/v2\/pages\/1632\/revisions"}],"predecessor-version":[{"id":4133,"href":"https:\/\/www.ibiza-weddings.com\/es\/wp-json\/wp\/v2\/pages\/1632\/revisions\/4133"}],"wp:attachment":[{"href":"https:\/\/www.ibiza-weddings.com\/es\/wp-json\/wp\/v2\/media?parent=1632"}],"curies":[{"name":"wp","href":"https:\/\/api.w.org\/{rel}","templated":true}]}}